{"id":919,"date":"2022-01-21T07:11:55","date_gmt":"2022-01-21T07:11:55","guid":{"rendered":"https:\/\/masterib.es\/?page_id=919"},"modified":"2022-01-21T07:11:55","modified_gmt":"2022-01-21T07:11:55","slug":"seminarios-curso-2021-22-primavera-bimestre-2","status":"publish","type":"page","link":"https:\/\/masterib.es\/en\/seminarios-curso-2021-22-primavera-bimestre-2\/","title":{"rendered":"Seminarios curso 2021-22: Primavera Bimestre 2"},"content":{"rendered":"<div id=\"pl-919\"  class=\"panel-layout\" ><div id=\"pg-919-0\"  class=\"panel-grid panel-no-style\" ><div id=\"pgc-919-0-0\"  class=\"panel-grid-cell\" ><div id=\"panel-919-0-0-0\" class=\"widget_text so-panel widget_custom_html panel-first-child panel-last-child\" data-index=\"0\" ><div class=\"textwidget custom-html-widget\">    <div data-options='{&quot;id&quot;:&quot;918&quot;,&quot;lazy_load&quot;:&quot;no&quot;,&quot;masonry_enable&quot;:&quot;yes&quot;,&quot;view_type&quot;:&quot;grid&quot;}' id=\"post-grid-918\" class=\"post-grid grid\">\n        <div class=\"grid-items\">\n      <div class=\"item item-1135 skin flat even 0\">\n        <div class=\"layer-wrapper layout-750\">\n          <div class=\"layer-content element_1587187714568\"\n        id=\"\">\n        <div class=\"element element_1587187895341  title\">\n                    <a target=\"_blank\"\n                href=\"https:\/\/masterib.es\/en\/2022-06-06-15h-una-experiencia-internacional-tras-el-master-de-ing-biomedica-alba-martin-yebra\/\">2022\/06\/06 15h - Una experiencia internacional tras el M\u00e1ster de Ing. Biom\u00e9dica - Alba Mart\u00edn Yebra<\/a>\n            <\/div>\n    <div class=\"element element_1638176677754  excerpt\">\n                            <a target=\"_blank\"\n                href=\"https:\/\/masterib.es\/en\/2022-06-06-15h-una-experiencia-internacional-tras-el-master-de-ing-biomedica-alba-martin-yebra\/\">Leer m\u00e1s<\/a>\n            <\/div>\n    <\/div>\n    <\/div>\n  <\/div><div class=\"item item-1131 skin flat odd 1\">\n        <div class=\"layer-wrapper layout-750\">\n          <div class=\"layer-content element_1587187714568\"\n        id=\"\">\n        <div class=\"element element_1587187895341  title\">\n                    <a target=\"_blank\"\n                href=\"https:\/\/masterib.es\/en\/2022-06-01-15h-molecular-and-cellular-neurobiotechnology-jose-antonio-del-rio-fernandez\/\">2022\/06\/01 15h - Molecular and Cellular Neurobiotechnology - Jos\u00e9 Antonio Del R\u00edo Fern\u00e1ndez<\/a>\n            <\/div>\n    <div class=\"element element_1638176677754  excerpt\">\n                            <a target=\"_blank\"\n                href=\"https:\/\/masterib.es\/en\/2022-06-01-15h-molecular-and-cellular-neurobiotechnology-jose-antonio-del-rio-fernandez\/\">Leer m\u00e1s<\/a>\n            <\/div>\n    <\/div>\n    <\/div>\n  <\/div><div class=\"item item-1123 skin flat even 2\">\n        <div class=\"layer-wrapper layout-750\">\n          <div class=\"layer-content element_1587187714568\"\n        id=\"\">\n        <div class=\"element element_1587187895341  title\">\n                    <a target=\"_blank\"\n                href=\"https:\/\/masterib.es\/en\/2022-05-30-1900h-del-laboratorio-al-mercado-como-nace-una-empresa-spinoff-rosa-monge\/\">2022\/05\/30 19:00h - Del laboratorio al mercado - c\u00f3mo nace una empresa spinoff - Rosa Monge<\/a>\n            <\/div>\n    <div class=\"element element_1638176677754  excerpt\">\n                            <a target=\"_blank\"\n                href=\"https:\/\/masterib.es\/en\/2022-05-30-1900h-del-laboratorio-al-mercado-como-nace-una-empresa-spinoff-rosa-monge\/\">Leer m\u00e1s<\/a>\n            <\/div>\n    <\/div>\n    <\/div>\n  <\/div><div class=\"item item-1113 skin flat odd 3\">\n        <div class=\"layer-wrapper layout-750\">\n          <div class=\"layer-content element_1587187714568\"\n        id=\"\">\n        <div class=\"element element_1587187895341  title\">\n                    <a target=\"_blank\"\n                href=\"https:\/\/masterib.es\/en\/2022-05-30-15h-dinamizacion-e-innovacion-de-las-capacidades-industriales-en-salud-lluis-blanch\/\">2022\/05\/30 15h - Dinamizaci\u00f3n e Innovaci\u00f3n de las capacidades industriales en Salud - Llu\u00eds Blanch<\/a>\n            <\/div>\n    <div class=\"element element_1638176677754  excerpt\">\n                            <a target=\"_blank\"\n                href=\"https:\/\/masterib.es\/en\/2022-05-30-15h-dinamizacion-e-innovacion-de-las-capacidades-industriales-en-salud-lluis-blanch\/\">Leer m\u00e1s<\/a>\n            <\/div>\n    <\/div>\n    <\/div>\n  <\/div><div class=\"item item-1063 skin flat even 4\">\n        <div class=\"layer-wrapper layout-750\">\n          <div class=\"layer-content element_1587187714568\"\n        id=\"\">\n        <div class=\"element element_1587187895341  title\">\n                    <a target=\"_blank\"\n                href=\"https:\/\/masterib.es\/en\/2022-05-26-15h-radiaciones-ionizantes-en-el-diagnostico-y-tratamiento-de-enfermedades-pablo-ortega-pardina\/\">2022\/05\/26 15h -\u00a0Radiaciones Ionizantes en el diagn\u00f3stico y tratamiento de enfermedades - Pablo Ortega Pardina<\/a>\n            <\/div>\n    <div class=\"element element_1638176677754  excerpt\">\n                            <a target=\"_blank\"\n                href=\"https:\/\/masterib.es\/en\/2022-05-26-15h-radiaciones-ionizantes-en-el-diagnostico-y-tratamiento-de-enfermedades-pablo-ortega-pardina\/\">Leer m\u00e1s<\/a>\n            <\/div>\n    <\/div>\n    <\/div>\n  <\/div><div class=\"item item-1108 skin flat odd 5\">\n        <div class=\"layer-wrapper layout-750\">\n          <div class=\"layer-content element_1587187714568\"\n        id=\"\">\n        <div class=\"element element_1587187895341  title\">\n                    <a target=\"_blank\"\n                href=\"https:\/\/masterib.es\/en\/2022-05-25-14h-2-horas-aplicaciones-de-la-tecnologia-en-el-ambito-de-las-arritmias-cardiacas-dispositivos-intracardiacos-y-navegadores-electroanatomicos-javier-ramos\/\">2022\/05\/25 14h (2 horas) - Aplicaciones de la tecnolog\u00eda en el \u00e1mbito de las Arritmias Cardiacas. Dispositivos intracardiacos y navegadores...<\/a>\n            <\/div>\n    <div class=\"element element_1638176677754  excerpt\">\n                            <a target=\"_blank\"\n                href=\"https:\/\/masterib.es\/en\/2022-05-25-14h-2-horas-aplicaciones-de-la-tecnologia-en-el-ambito-de-las-arritmias-cardiacas-dispositivos-intracardiacos-y-navegadores-electroanatomicos-javier-ramos\/\">Leer m\u00e1s<\/a>\n            <\/div>\n    <\/div>\n    <\/div>\n  <\/div><div class=\"item item-1128 skin flat even 6\">\n        <div class=\"layer-wrapper layout-750\">\n          <div class=\"layer-content element_1587187714568\"\n        id=\"\">\n        <div class=\"element element_1587187895341  title\">\n                    <a target=\"_blank\"\n                href=\"https:\/\/masterib.es\/en\/2022-05-23-14h-2-horas-arritmias-farmacos-y-ecuaciones-avanzando-hacia-la-cardiologia-computacional-jose-maria-ferrero\/\">2022\/05\/23 14h (2 horas) - Arritmias, f\u00e1rmacos y ecuaciones: avanzando hacia la cardiolog\u00eda computacional - Jos\u00e9 Mar\u00eda Ferrero<\/a>\n            <\/div>\n    <div class=\"element element_1638176677754  excerpt\">\n                            <a target=\"_blank\"\n                href=\"https:\/\/masterib.es\/en\/2022-05-23-14h-2-horas-arritmias-farmacos-y-ecuaciones-avanzando-hacia-la-cardiologia-computacional-jose-maria-ferrero\/\">Leer m\u00e1s<\/a>\n            <\/div>\n    <\/div>\n    <\/div>\n  <\/div><div class=\"item item-1117 skin flat odd 7\">\n        <div class=\"layer-wrapper layout-750\">\n          <div class=\"layer-content element_1587187714568\"\n        id=\"\">\n        <div class=\"element element_1587187895341  title\">\n                    <a target=\"_blank\"\n                href=\"https:\/\/masterib.es\/en\/2022-05-18-1445h-caracterizacion-mecanica-de-implantes-dentales-maria-prados-privado\/\">2022\/05\/18 14:45h - Caracterizaci\u00f3n mec\u00e1nica de implantes dentales - Mar\u00eda Prados Privado<\/a>\n            <\/div>\n    <div class=\"element element_1638176677754  excerpt\">\n                            <a target=\"_blank\"\n                href=\"https:\/\/masterib.es\/en\/2022-05-18-1445h-caracterizacion-mecanica-de-implantes-dentales-maria-prados-privado\/\">Leer m\u00e1s<\/a>\n            <\/div>\n    <\/div>\n    <\/div>\n  <\/div><div class=\"item item-1096 skin flat even 8\">\n        <div class=\"layer-wrapper layout-750\">\n          <div class=\"layer-content element_1587187714568\"\n        id=\"\">\n        <div class=\"element element_1587187895341  title\">\n                    <a target=\"_blank\"\n                href=\"https:\/\/masterib.es\/en\/2022-05-16-15h-modelos-basados-en-agentes-para-la-simulacion-de-celulas-daniel-camacho-gomez\/\">2022\/05\/16 15h -Modelos basados en agentes para la simulaci\u00f3n de c\u00e9lulas - Daniel Camacho G\u00f3mez<\/a>\n            <\/div>\n    <div class=\"element element_1638176677754  excerpt\">\n                            <a target=\"_blank\"\n                href=\"https:\/\/masterib.es\/en\/2022-05-16-15h-modelos-basados-en-agentes-para-la-simulacion-de-celulas-daniel-camacho-gomez\/\">Leer m\u00e1s<\/a>\n            <\/div>\n    <\/div>\n    <\/div>\n  <\/div><div class=\"item item-1101 skin flat odd 9\">\n        <div class=\"layer-wrapper layout-750\">\n          <div class=\"layer-content element_1587187714568\"\n        id=\"\">\n        <div class=\"element element_1587187895341  title\">\n                    <a target=\"_blank\"\n                href=\"https:\/\/masterib.es\/en\/2022-05-12-12h-contractility-of-single-and-collective-cells-pradeep-keshavanarayana\/\">2022\/05\/12 12h -Contractility of single and collective cells - Pradeep Keshavanarayana<\/a>\n            <\/div>\n    <div class=\"element element_1638176677754  excerpt\">\n                            <a target=\"_blank\"\n                href=\"https:\/\/masterib.es\/en\/2022-05-12-12h-contractility-of-single-and-collective-cells-pradeep-keshavanarayana\/\">Leer m\u00e1s<\/a>\n            <\/div>\n    <\/div>\n    <\/div>\n  <\/div><div class=\"item item-1090 skin flat even 10\">\n        <div class=\"layer-wrapper layout-750\">\n          <div class=\"layer-content element_1587187714568\"\n        id=\"\">\n        <div class=\"element element_1587187895341  title\">\n                    <a target=\"_blank\"\n                href=\"https:\/\/masterib.es\/en\/2022-05-11-15h-understanding-how-physical-properties-and-biochemical-cues-regulate-biological-functions-alberto-elosegui\/\">2022\/05\/11 15h -\u00a0Understanding how physical properties and biochemical cues regulate biological functions. - Alberto Elosegui<\/a>\n            <\/div>\n    <div class=\"element element_1638176677754  excerpt\">\n                            <a target=\"_blank\"\n                href=\"https:\/\/masterib.es\/en\/2022-05-11-15h-understanding-how-physical-properties-and-biochemical-cues-regulate-biological-functions-alberto-elosegui\/\">Leer m\u00e1s<\/a>\n            <\/div>\n    <\/div>\n    <\/div>\n  <\/div><div class=\"item item-1059 skin flat odd 11\">\n        <div class=\"layer-wrapper layout-750\">\n          <div class=\"layer-content element_1587187714568\"\n        id=\"\">\n        <div class=\"element element_1587187895341  title\">\n                    <a target=\"_blank\"\n                href=\"https:\/\/masterib.es\/en\/2022-05-09-15h-dispositivos-microfluidicos-cultivo-celular-y-aplicaciones-biomedicas-pedro-guerrero\/\">2022\/05\/09 15h -\u00a0Dispositivos microflu\u00eddicos: Cultivo celular y aplicaciones biom\u00e9dicas. - Pedro Guerrero<\/a>\n            <\/div>\n    <div class=\"element element_1638176677754  excerpt\">\n                            <a target=\"_blank\"\n                href=\"https:\/\/masterib.es\/en\/2022-05-09-15h-dispositivos-microfluidicos-cultivo-celular-y-aplicaciones-biomedicas-pedro-guerrero\/\">Leer m\u00e1s<\/a>\n            <\/div>\n    <\/div>\n    <\/div>\n  <\/div><div class=\"item item-1049 skin flat even 12\">\n        <div class=\"layer-wrapper layout-750\">\n          <div class=\"layer-content element_1587187714568\"\n        id=\"\">\n        <div class=\"element element_1587187895341  title\">\n                    <a target=\"_blank\"\n                href=\"https:\/\/masterib.es\/en\/2022-05-04-rheology-and-mechanics-of-the-cell-nucleus-recent-progress-and-open-questions-marco-de-corato\/\">2022\/05\/04 15h -\u00a0Rheology and mechanics of the cell nucleus: recent progress and open questions -Marco De Corato<\/a>\n            <\/div>\n    <div class=\"element element_1638176677754  excerpt\">\n                            <a target=\"_blank\"\n                href=\"https:\/\/masterib.es\/en\/2022-05-04-rheology-and-mechanics-of-the-cell-nucleus-recent-progress-and-open-questions-marco-de-corato\/\">Leer m\u00e1s<\/a>\n            <\/div>\n    <\/div>\n    <\/div>\n  <\/div><div class=\"item item-1054 skin flat odd 13\">\n        <div class=\"layer-wrapper layout-750\">\n          <div class=\"layer-content element_1587187714568\"\n        id=\"\">\n        <div class=\"element element_1587187895341  title\">\n                    <a target=\"_blank\"\n                href=\"https:\/\/masterib.es\/en\/2022-05-03-15h-inteligencia-artificial-e-imagen-medica-de-la-radiologia-a-los-companion-diagnostic-angel-alberich-bayarri-2\/\">2022\/05\/03 15h -\u00a0Inteligencia artificial e imagen m\u00e9dica, de la radiolog\u00eda a los companion diagnostic - Angel Alberich Bayarri<\/a>\n            <\/div>\n    <div class=\"element element_1638176677754  excerpt\">\n                            <a target=\"_blank\"\n                href=\"https:\/\/masterib.es\/en\/2022-05-03-15h-inteligencia-artificial-e-imagen-medica-de-la-radiologia-a-los-companion-diagnostic-angel-alberich-bayarri-2\/\">Leer m\u00e1s<\/a>\n            <\/div>\n    <\/div>\n    <\/div>\n  <\/div><div class=\"item item-898 skin flat even 14\">\n        <div class=\"layer-wrapper layout-750\">\n          <div class=\"layer-content element_1587187714568\"\n        id=\"\">\n        <div class=\"element element_1587187895341  title\">\n                    <a target=\"_blank\"\n                href=\"https:\/\/masterib.es\/en\/fundamentals-of-image-analysis-applied-to-cell-experiments\/\">2022\/04\/25 -15h Fundamentals of image analysis applied to cell experiments - Carlos Borau Zamora<\/a>\n            <\/div>\n    <div class=\"element element_1638176677754  excerpt\">\n                            <a target=\"_blank\"\n                href=\"https:\/\/masterib.es\/en\/fundamentals-of-image-analysis-applied-to-cell-experiments\/\">Leer m\u00e1s<\/a>\n            <\/div>\n    <\/div>\n    <\/div>\n  <\/div><div class=\"item item-1040 skin flat odd 15\">\n        <div class=\"layer-wrapper layout-750\">\n          <div class=\"layer-content element_1587187714568\"\n        id=\"\">\n        <div class=\"element element_1587187895341  title\">\n                    <a target=\"_blank\"\n                href=\"https:\/\/masterib.es\/en\/2022-04-20-15h-bit-brain-luis-montesano\/\">2022\/04\/20 15h -\u00a0Bit Brain - Luis Montesano<\/a>\n            <\/div>\n    <div class=\"element element_1638176677754  excerpt\">\n                            <a target=\"_blank\"\n                href=\"https:\/\/masterib.es\/en\/2022-04-20-15h-bit-brain-luis-montesano\/\">Leer m\u00e1s<\/a>\n            <\/div>\n    <\/div>\n    <\/div>\n  <\/div><div class=\"item item-1032 skin flat even 16\">\n        <div class=\"layer-wrapper layout-750\">\n          <div class=\"layer-content element_1587187714568\"\n        id=\"\">\n        <div class=\"element element_1587187895341  title\">\n                    <a target=\"_blank\"\n                href=\"https:\/\/masterib.es\/en\/2022-04-19-15h-organ-specific-environment-impact-on-lymphatic-vessel-functionality-alejandra-gonzalez\/\">2022\/04\/19 15:30h -\u00a0Organ-specific environment impact on lymphatic vessel functionality -Alejandra Gonz\u00e1lez<\/a>\n            <\/div>\n    <div class=\"element element_1638176677754  excerpt\">\n                            <a target=\"_blank\"\n                href=\"https:\/\/masterib.es\/en\/2022-04-19-15h-organ-specific-environment-impact-on-lymphatic-vessel-functionality-alejandra-gonzalez\/\">Leer m\u00e1s<\/a>\n            <\/div>\n    <\/div>\n    <\/div>\n  <\/div>    <\/div>\n          <style type=\"text\/css\">\n            .layout-750 .element_1587187714568 {\n                margin: 10px;\n                            }\n\n                    <\/style>\n        <style type=\"text\/css\">\n        .layout-750 .element_1587187895341 {\n            font-size: 18px;\n            margin: 5px 0px;\n            text-align: left;\n                    }\n\n        .layout-750 .element_1587187895341 a {\n            font-size: 18px;\n            margin: 5px 0px;\n            text-align: left;\n                    }\n    <\/style>\n    <style type=\"text\/css\">\n        .layout-750 .element_1638176677754 {\n            font-size: 15px;\n            margin: 10px 0;\n            text-align: left;\n                    }\n\n        .layout-750 .element_1638176677754 a {\n            font-size: 15px;\n                    }\n    <\/style>\n        <style type=\"text\/css\">\n      .layout-750 a{text-decoration:none}.layout-750{vertical-align:top}.layout-750 .layer-content{padding:10px}    <\/style>\n    <script>\n          <\/script>\n    <style type=\"text\/css\">\n    #post-grid-918 {\n      padding: 0px;\n          }\n\n    #post-grid-918 .item {\n      padding: 0px;\n      background: #e9ecef;\n          }\n\n    #post-grid-918 .item .layer-media {\n      height:auto;    }\n\n    @media only screen and (min-width: 0px) and (max-width: 767px) {\n      #post-grid-918 .grid-items {\n        text-align: center;\n              }\n\n      #post-grid-918 .item {\n        width: 100%;\n        margin: 5px 0px 5px 0px;\n        display: inline-block;\n        vertical-align: top;\n        height:auto;      }\n    }\n\n    @media only screen and (min-width: 768px) and (max-width: 1023px) {\n      #post-grid-918 .grid-items {\n        text-align: center;\n              }\n\n      #post-grid-918 .item {\n        width: 100%;\n        margin: 5px 0px 5px 0px;\n        display: inline-block;\n        vertical-align: top;\n        max-height:auto;      }\n    }\n\n    @media only screen and (min-width: 1024px) {\n      #post-grid-918 .grid-items {\n        text-align: center;\n              }\n\n      #post-grid-918 .item {\n        width: 100%;\n        display: inline-block;\n        margin: 5px 0px 5px 0px;\n        vertical-align: top;\n        height:auto;      }\n    }\n\n      <\/style>\n  <\/div>\n<\/div><\/div><\/div><\/div><\/div>","protected":false},"excerpt":{"rendered":"<p>2022\/06\/06 15h &#8211; Una experiencia internacional tras el M\u00e1ster de Ing. Biom\u00e9dica &#8211; Alba Mart\u00edn Yebra Leer m\u00e1s 2022\/06\/01 15h &#8211; Molecular and Cellular Neurobiotechnology &#8211; Jos\u00e9 Antonio Del R\u00edo Fern\u00e1ndez Leer m\u00e1s 2022\/05\/30 19:00h &#8211; Del laboratorio al mercado &#8211; c\u00f3mo nace una empresa spinoff &#8211; Rosa Monge Leer m\u00e1s 2022\/05\/30 15h &#8211; Dinamizaci\u00f3n &#8230; <a title=\"Seminarios curso 2021-22: Primavera Bimestre 2\" class=\"read-more\" href=\"https:\/\/masterib.es\/en\/seminarios-curso-2021-22-primavera-bimestre-2\/\" aria-label=\"Read more about Seminarios curso 2021-22: Primavera Bimestre 2\">Read more<\/a><\/p>","protected":false},"author":1,"featured_media":0,"parent":0,"menu_order":0,"comment_status":"closed","ping_status":"closed","template":"","meta":{"_monsterinsights_skip_tracking":false,"_monsterinsights_sitenote_active":false,"_monsterinsights_sitenote_note":"","_monsterinsights_sitenote_category":0,"footnotes":""},"class_list":["post-919","page","type-page","status-publish"],"_links":{"self":[{"href":"https:\/\/masterib.es\/en\/wp-json\/wp\/v2\/pages\/919","targetHints":{"allow":["GET"]}}],"collection":[{"href":"https:\/\/masterib.es\/en\/wp-json\/wp\/v2\/pages"}],"about":[{"href":"https:\/\/masterib.es\/en\/wp-json\/wp\/v2\/types\/page"}],"author":[{"embeddable":true,"href":"https:\/\/masterib.es\/en\/wp-json\/wp\/v2\/users\/1"}],"replies":[{"embeddable":true,"href":"https:\/\/masterib.es\/en\/wp-json\/wp\/v2\/comments?post=919"}],"version-history":[{"count":2,"href":"https:\/\/masterib.es\/en\/wp-json\/wp\/v2\/pages\/919\/revisions"}],"predecessor-version":[{"id":921,"href":"https:\/\/masterib.es\/en\/wp-json\/wp\/v2\/pages\/919\/revisions\/921"}],"wp:attachment":[{"href":"https:\/\/masterib.es\/en\/wp-json\/wp\/v2\/media?parent=919"}],"curies":[{"name":"wp","href":"https:\/\/api.w.org\/{rel}","templated":true}]}}